{"id":817,"date":"2021-07-02T17:34:31","date_gmt":"2021-07-02T17:34:31","guid":{"rendered":"https:\/\/aion-project.org\/blog\/?page_id=817"},"modified":"2021-10-16T15:47:04","modified_gmt":"2021-10-16T15:47:04","slug":"sevader-au-moyen-age","status":"publish","type":"page","link":"https:\/\/aion-project.org\/blog\/?page_id=817","title":{"rendered":"S&rsquo;\u00e9vader au Moyen \u00c2ge"},"content":{"rendered":"<p style=\"text-align: center;\"><span style=\"font-family: book antiqua, palatino, serif;\"><span style=\"color: #333399; font-size: 24pt;\"><strong>S&rsquo;\u00e9vader au Moyen \u00c2ge : e<\/strong><\/span><strong><span style=\"color: #333399; font-size: 24pt;\">ntre appropriations contemporaines et imaginaires de l\u2019histoire m\u00e9di\u00e9vale<\/span><\/strong><\/span><\/p>\n<p style=\"text-align: center;\"><span style=\"font-size: 18pt;\"><span style=\"font-family: book antiqua, palatino, serif;\"><strong>Autun, Centre d&rsquo;histoire vivante, 7 et 8 octobre 2021.<\/strong><\/span><span style=\"font-family: book antiqua, palatino, serif;\">\u00a0<\/span><\/span><\/p>\n<p style=\"text-align: center;\"><span style=\"font-family: book antiqua, palatino, serif;\"><img loading=\"lazy\" decoding=\"async\" class=\" wp-image-1214 aligncenter\" src=\"https:\/\/aion-project.org\/blog\/wp-content\/uploads\/2021\/10\/Affiche_Sevader-au-Moyen-Age-724x1024.png\" alt=\"\" width=\"640\" height=\"905\" srcset=\"https:\/\/aion-project.org\/blog\/wp-content\/uploads\/2021\/10\/Affiche_Sevader-au-Moyen-Age-724x1024.png 724w, https:\/\/aion-project.org\/blog\/wp-content\/uploads\/2021\/10\/Affiche_Sevader-au-Moyen-Age-212x300.png 212w, https:\/\/aion-project.org\/blog\/wp-content\/uploads\/2021\/10\/Affiche_Sevader-au-Moyen-Age-768x1087.png 768w, https:\/\/aion-project.org\/blog\/wp-content\/uploads\/2021\/10\/Affiche_Sevader-au-Moyen-Age.png 826w\" sizes=\"auto, (max-width: 640px) 100vw, 640px\" \/><\/span><\/p>\n<p style=\"text-align: center;\"><span style=\"font-family: book antiqua, palatino, serif;\"><strong><span style=\"font-size: 24pt; color: #3366ff;\"><a style=\"color: #3366ff;\" href=\"https:\/\/aion-project.org\/blog\/wp-content\/uploads\/2021\/01\/Sevader.pdf\" target=\"_blank\" rel=\"noopener noreferrer\"><span style=\"font-family: book antiqua, palatino, serif; font-size: 24pt; color: #0000ff;\">AAC S&rsquo;evader au Moyen \u00c2ge<\/span><\/a><\/span><\/strong><\/span><\/p>\n<p style=\"text-align: center;\"><span style=\"font-family: book antiqua, palatino, serif; font-size: 24pt; color: #0000ff;\"><a style=\"color: #0000ff;\" href=\"https:\/\/aion-project.org\/blog\/wp-content\/uploads\/2021\/09\/programme-papier_Sevader-au-Moyen-Age.pdf\" target=\"_blank\" rel=\"noopener\"><strong>Programme \u00ab\u00a0S&rsquo;\u00e9vader au Moyen \u00c2ge\u00a0\u00bb<\/strong><\/a><\/span><\/p>\n<p style=\"text-align: center;\"><span style=\"color: #3366ff;\"><strong><span style=\"font-family: book antiqua, palatino, serif; font-size: 24pt;\">Vid\u00e9os <\/span><\/strong><\/span><\/p>\n<p><span style=\"font-family: book antiqua, palatino, serif; font-size: 18pt;\">L&rsquo;intervention d&rsquo;Olivier Dupuis, suivie d&rsquo;une pr\u00e9sentation des Arts martiaux historiques europ\u00e9ens, par l&rsquo;association De Taille et d&rsquo;Estoc. Encore un grand merci \u00e0 eux pour leur pr\u00e9sence et ces vid\u00e9os !<\/span><\/p>\n<p><iframe loading=\"lazy\" src=\"\/\/www.youtube.com\/embed\/BtcPg_boPb8\" width=\"560\" height=\"314\" allowfullscreen=\"allowfullscreen\"><\/iframe><\/p>\n<p><iframe loading=\"lazy\" src=\"\/\/www.youtube.com\/embed\/o6k7Rs0YW1k\" width=\"560\" height=\"314\" allowfullscreen=\"allowfullscreen\"><\/iframe><\/p>\n<p><span style=\"font-family: book antiqua, palatino, serif; font-size: 24pt; color: #3366ff;\"><strong>Quelques photographies du colloque :\u00a0<\/strong> <\/span><\/p>\n<p><img loading=\"lazy\" decoding=\"async\" class=\"size-full wp-image-1235 alignnone\" src=\"https:\/\/aion-project.org\/blog\/wp-content\/uploads\/2021\/10\/7.png\" alt=\"\" width=\"800\" height=\"533\" srcset=\"https:\/\/aion-project.org\/blog\/wp-content\/uploads\/2021\/10\/7.png 800w, https:\/\/aion-project.org\/blog\/wp-content\/uploads\/2021\/10\/7-300x200.png 300w, https:\/\/aion-project.org\/blog\/wp-content\/uploads\/2021\/10\/7-768x512.png 768w\" sizes=\"auto, (max-width: 800px) 100vw, 800px\" \/><\/p>\n<p><img loading=\"lazy\" decoding=\"async\" class=\"size-full wp-image-1229 alignright\" src=\"https:\/\/aion-project.org\/blog\/wp-content\/uploads\/2021\/10\/1.png\" alt=\"\" width=\"800\" height=\"533\" srcset=\"https:\/\/aion-project.org\/blog\/wp-content\/uploads\/2021\/10\/1.png 800w, https:\/\/aion-project.org\/blog\/wp-content\/uploads\/2021\/10\/1-300x200.png 300w, https:\/\/aion-project.org\/blog\/wp-content\/uploads\/2021\/10\/1-768x512.png 768w\" sizes=\"auto, (max-width: 800px) 100vw, 800px\" \/><\/p>\n<p><img loading=\"lazy\" decoding=\"async\" class=\"size-full wp-image-1234 aligncenter\" src=\"https:\/\/aion-project.org\/blog\/wp-content\/uploads\/2021\/10\/6.png\" alt=\"\" width=\"800\" height=\"533\" srcset=\"https:\/\/aion-project.org\/blog\/wp-content\/uploads\/2021\/10\/6.png 800w, https:\/\/aion-project.org\/blog\/wp-content\/uploads\/2021\/10\/6-300x200.png 300w, https:\/\/aion-project.org\/blog\/wp-content\/uploads\/2021\/10\/6-768x512.png 768w\" sizes=\"auto, (max-width: 800px) 100vw, 800px\" \/><\/p>\n<p><img loading=\"lazy\" decoding=\"async\" class=\"size-full wp-image-1233 alignleft\" src=\"https:\/\/aion-project.org\/blog\/wp-content\/uploads\/2021\/10\/5.png\" alt=\"\" width=\"800\" height=\"533\" srcset=\"https:\/\/aion-project.org\/blog\/wp-content\/uploads\/2021\/10\/5.png 800w, https:\/\/aion-project.org\/blog\/wp-content\/uploads\/2021\/10\/5-300x200.png 300w, https:\/\/aion-project.org\/blog\/wp-content\/uploads\/2021\/10\/5-768x512.png 768w\" sizes=\"auto, (max-width: 800px) 100vw, 800px\" \/><\/p>\n<p><img loading=\"lazy\" decoding=\"async\" class=\"size-full wp-image-1232 alignright\" src=\"https:\/\/aion-project.org\/blog\/wp-content\/uploads\/2021\/10\/4.png\" alt=\"\" width=\"800\" height=\"533\" srcset=\"https:\/\/aion-project.org\/blog\/wp-content\/uploads\/2021\/10\/4.png 800w, https:\/\/aion-project.org\/blog\/wp-content\/uploads\/2021\/10\/4-300x200.png 300w, https:\/\/aion-project.org\/blog\/wp-content\/uploads\/2021\/10\/4-768x512.png 768w\" sizes=\"auto, (max-width: 800px) 100vw, 800px\" \/><\/p>\n<p><img loading=\"lazy\" decoding=\"async\" class=\"size-full wp-image-1231 alignleft\" src=\"https:\/\/aion-project.org\/blog\/wp-content\/uploads\/2021\/10\/3.png\" alt=\"\" width=\"800\" height=\"533\" srcset=\"https:\/\/aion-project.org\/blog\/wp-content\/uploads\/2021\/10\/3.png 800w, https:\/\/aion-project.org\/blog\/wp-content\/uploads\/2021\/10\/3-300x200.png 300w, https:\/\/aion-project.org\/blog\/wp-content\/uploads\/2021\/10\/3-768x512.png 768w\" sizes=\"auto, (max-width: 800px) 100vw, 800px\" \/><\/p>\n<p><img loading=\"lazy\" decoding=\"async\" class=\"size-full wp-image-1230 aligncenter\" src=\"https:\/\/aion-project.org\/blog\/wp-content\/uploads\/2021\/10\/2.png\" alt=\"\" width=\"800\" height=\"533\" srcset=\"https:\/\/aion-project.org\/blog\/wp-content\/uploads\/2021\/10\/2.png 800w, https:\/\/aion-project.org\/blog\/wp-content\/uploads\/2021\/10\/2-300x200.png 300w, https:\/\/aion-project.org\/blog\/wp-content\/uploads\/2021\/10\/2-768x512.png 768w\" sizes=\"auto, (max-width: 800px) 100vw, 800px\" \/><\/p>\n<p>&nbsp;<\/p>\n<p>&nbsp;<\/p>\n<p>&nbsp;<\/p>\n<p>&nbsp;<\/p>\n<p>&nbsp;<\/p>\n<p>&nbsp;<\/p>\n<p>&nbsp;<\/p>\n<p>&nbsp;<\/p>\n<p>&nbsp;<\/p>\n","protected":false},"excerpt":{"rendered":"<p>S&rsquo;\u00e9vader au Moyen \u00c2ge : entre appropriations contemporaines et imaginaires de l\u2019histoire m\u00e9di\u00e9vale Autun, Centre d&rsquo;histoire vivante, 7 et 8 octobre 2021.\u00a0 AAC S&rsquo;evader au Moyen \u00c2ge Programme \u00ab\u00a0S&rsquo;\u00e9vader au Moyen \u00c2ge\u00a0\u00bb Vid\u00e9os L&rsquo;intervention d&rsquo;Olivier Dupuis, suivie d&rsquo;une pr\u00e9sentation des Arts martiaux historiques europ\u00e9ens, par l&rsquo;association De Taille et d&rsquo;Estoc. Encore un grand merci \u00e0 [&hellip;]<\/p>\n","protected":false},"author":1,"featured_media":0,"parent":22,"menu_order":0,"comment_status":"closed","ping_status":"closed","template":"","meta":{"footnotes":""},"class_list":["post-817","page","type-page","status-publish","hentry"],"_links":{"self":[{"href":"https:\/\/aion-project.org\/blog\/index.php?rest_route=\/wp\/v2\/pages\/817","targetHints":{"allow":["GET"]}}],"collection":[{"href":"https:\/\/aion-project.org\/blog\/index.php?rest_route=\/wp\/v2\/pages"}],"about":[{"href":"https:\/\/aion-project.org\/blog\/index.php?rest_route=\/wp\/v2\/types\/page"}],"author":[{"embeddable":true,"href":"https:\/\/aion-project.org\/blog\/index.php?rest_route=\/wp\/v2\/users\/1"}],"replies":[{"embeddable":true,"href":"https:\/\/aion-project.org\/blog\/index.php?rest_route=%2Fwp%2Fv2%2Fcomments&post=817"}],"version-history":[{"count":23,"href":"https:\/\/aion-project.org\/blog\/index.php?rest_route=\/wp\/v2\/pages\/817\/revisions"}],"predecessor-version":[{"id":1244,"href":"https:\/\/aion-project.org\/blog\/index.php?rest_route=\/wp\/v2\/pages\/817\/revisions\/1244"}],"up":[{"embeddable":true,"href":"https:\/\/aion-project.org\/blog\/index.php?rest_route=\/wp\/v2\/pages\/22"}],"wp:attachment":[{"href":"https:\/\/aion-project.org\/blog\/index.php?rest_route=%2Fwp%2Fv2%2Fmedia&parent=817"}],"curies":[{"name":"wp","href":"https:\/\/api.w.org\/{rel}","templated":true}]}}