{"id":780,"date":"2021-07-02T16:57:55","date_gmt":"2021-07-02T16:57:55","guid":{"rendered":"https:\/\/aion-project.org\/blog\/?page_id=780"},"modified":"2025-05-07T16:12:38","modified_gmt":"2025-05-07T16:12:38","slug":"780-2","status":"publish","type":"page","link":"https:\/\/aion-project.org\/blog\/?page_id=780","title":{"rendered":"Les interventions grand public"},"content":{"rendered":"<p style=\"text-align: center;\"><span style=\"font-family: book antiqua, palatino, serif; font-size: 36pt; color: #800080;\">Les Imaginales 2025<\/span><\/p>\n<p style=\"text-align: justify;\"><span style=\"font-family: book antiqua, palatino, serif; font-size: 18pt;\">Pour <a href=\"https:\/\/www.imaginales.fr\/\" target=\"_blank\" rel=\"noopener\">2025<\/a>, voici le programme des interventions du collectif Ai\u00f4n au sein du P\u00f4le Histoire du vendredi 23 mai au dimanche 25 mai.\u00a0<\/span><\/p>\n<p style=\"text-align: justify;\"><strong><span style=\"font-family: book antiqua, palatino, serif; font-size: 18pt;\"><em>Caf\u00e9 de l&rsquo;histoire :\u00a0<\/em> <\/span><\/strong><\/p>\n<p style=\"text-align: justify;\"><span style=\"font-family: book antiqua, palatino, serif; font-size: 18pt;\"><em>The Witcher : les marginaux au c\u0153ur de l\u2019histoire<\/em>, Justine Breton, 23 mai, 12h. <\/span><\/p>\n<p style=\"text-align: justify;\"><strong><span style=\"font-family: book antiqua, palatino, serif; font-size: 18pt;\"><em>Tables rondes :<\/em> <\/span><\/strong><\/p>\n<p style=\"text-align: justify;\"><span style=\"font-family: book antiqua, palatino, serif; font-size: 18pt;\"><em>Du vodou aux zombies : figures de la \u201cnon mort\u201d<\/em>, avec Philippe Charlier, Cl\u00e9mentine Hougue, K\u00e9fil Houssou &#8211; Anim\u00e9e par Audrey Tuaillon Dem\u00e9sy, 23 mai, 14h<\/span><\/p>\n<p style=\"text-align: justify;\"><span style=\"font-family: book antiqua, palatino, serif; font-size: 18pt;\"><em>Game of Thrones, la fantasy des choses bris\u00e9es<\/em>, <\/span><span style=\"font-family: book antiqua, palatino, serif; font-size: 18pt;\">avec Justine Breton, Val\u00e9rie Delattre, Adrien Modolo, 24 mai, 10h.<\/span><\/p>\n<p style=\"text-align: justify;\"><em><span style=\"font-family: book antiqua, palatino, serif; font-size: 18pt;\">De \u201cB\u00e9b\u00e9\u201d \u00e0 Tyrion: le nanisme entre Histoire <\/span><\/em><span style=\"font-family: book antiqua, palatino, serif; font-size: 18pt;\"><em>et imaginaires<\/em>, avec Justine Breton, Laurent Di Filippo, Maud Perez-Simon &#8211; Anim\u00e9e par Vianney Muller, 24 mai, 14h.<\/span><\/p>\n<p style=\"text-align: justify;\"><em><span style=\"font-family: book antiqua, palatino, serif; font-size: 18pt;\">Imaginaire du temps : saisir l\u2019inssaisissable, <\/span><\/em><span style=\"font-family: book antiqua, palatino, serif; font-size: 18pt;\">avec Justine Breton, Laurent Di Filippo, <\/span><span style=\"font-family: book antiqua, palatino, serif; font-size: 18pt;\">Cl\u00e9mentine Hougue, Audrey Tuaillon Dem\u00e9sy &#8211; Anim\u00e9e par Orlane Messey, 24 mai, 18h.<\/span><\/p>\n<p style=\"text-align: justify;\"><span style=\"font-family: book antiqua, palatino, serif; font-size: 18pt;\"><em>Les vikings un filon in\u00e9puisable ?<\/em>, <\/span><span style=\"font-family: book antiqua, palatino, serif; font-size: 18pt;\">avec Laurent Di Filippo, Bruno Dum\u00e9zil, Floriane <\/span><span style=\"font-family: book antiqua, palatino, serif; font-size: 18pt;\">Soulas &#8211; Anim\u00e9e par Audrey Tuaillon Dem\u00e9sy, 25 mai, 12h.<\/span><\/p>\n<p style=\"text-align: justify;\"><strong><em><span style=\"font-family: book antiqua, palatino, serif; font-size: 18pt;\">Rencontres<\/span><\/em><\/strong><\/p>\n<p style=\"text-align: justify;\"><span style=\"font-family: book antiqua, palatino, serif; font-size: 18pt;\"><em>La figure de Robin des Bois<\/em>, par Justine Breton et Jonathan Fruoco, 24 mai, 12h<\/span><\/p>\n<p style=\"text-align: justify;\"><span style=\"font-family: book antiqua, palatino, serif; font-size: 18pt;\"><em>Les amants du Ragnar\u00f6k<\/em>, par Jean-Laurent Del Socorro. Rencontre anim\u00e9e par Laurent Di Filippo, 25 mai, 14h.<\/span><\/p>\n<p style=\"text-align: justify;\"><strong><em><span style=\"font-family: book antiqua, palatino, serif; font-size: 18pt;\">Cin\u00e9-<\/span><span style=\"font-family: book antiqua, palatino, serif; font-size: 18pt;\">d\u00e9bat<\/span> <\/em><\/strong><\/p>\n<p style=\"text-align: justify;\"><span style=\"font-family: book antiqua, palatino, serif; font-size: 18pt;\"><em>Zombi Child<\/em>, avec Philippe Charlier et Cl\u00e9mentine Hougue, 23 mai, 19h.<\/span><\/p>\n<p><span style=\"font-family: book antiqua, palatino, serif; font-size: 14pt;\">Merci \u00e0 la r\u00e9gion Grand Est !<\/span><\/p>\n<hr \/>\n<p style=\"text-align: center;\"><span style=\"font-size: 36pt; font-family: book antiqua, palatino, serif; color: #800080;\">Ludinam 2025<\/span><\/p>\n<p style=\"text-align: justify;\"><span style=\"font-size: 18pt; font-family: book antiqua, palatino, serif;\">Dans le cadre de Ludinam 2025, festival ludique bisontin, plusieurs membres de l&rsquo;\u00e9quipe ont particip\u00e9 le 4 mai \u00e0 la table ronde : \u00ab\u00a0Les moments magiques du sport\u00a0\u00bb, anim\u00e9e par Charles Meyer et l&rsquo;OMNSH.<\/span><\/p>\n<hr \/>\n<p style=\"text-align: center;\"><span style=\"font-family: book antiqua, palatino, serif; font-size: 36pt; color: #800080;\">Les Imaginales 2024<\/span><\/p>\n<p style=\"text-align: justify;\"><span style=\"font-family: book antiqua, palatino, serif; font-size: 18pt;\">Cette ann\u00e9e encore, plusieurs membres d&rsquo;Ai\u00f4n seront pr\u00e9sents aux <a href=\"https:\/\/www.imaginales.fr\/\" target=\"_blank\" rel=\"noopener\">Imaginales<\/a> d&rsquo;Epinal, du 23 au 26 mai, au p\u00f4le Magic Histoire &amp; Imaginaire.<br \/>\n<\/span><\/p>\n<p style=\"text-align: justify;\"><em><strong><span style=\"font-family: book antiqua, palatino, serif; font-size: 18pt;\">Caf\u00e9s de l&rsquo;histoire :<\/span><\/strong><\/em><\/p>\n<p style=\"text-align: justify;\"><span style=\"font-family: book antiqua, palatino, serif; font-size: 18pt;\">&#8211; Laurent Di Filippo, Dungeons &amp; Dragons : retour sur 50 ans de r\u00e9f\u00e9rences aux mythes nordiques, 25 mai, 13h<\/span><\/p>\n<p style=\"text-align: justify;\"><span style=\"font-family: book antiqua, palatino, serif; font-size: 18pt;\">&#8211; Justine Breton, The Witcher, mourir ou pas !, 26 mai, 12h<br \/>\n<\/span><\/p>\n<p style=\"text-align: justify;\"><span style=\"font-family: book antiqua, palatino, serif; font-size: 18pt;\">&#8211; Audrey Tuaillon Dem\u00e9sy, \u00ab\u00a0Un costume, \u00e7a doit vivre.\u00a0\u00bb Les usages du costume en reconstitution historique, 25 mai, 12h<\/span><\/p>\n<p style=\"text-align: justify;\"><strong><span style=\"font-family: book antiqua, palatino, serif; font-size: 18pt;\"><em>Tables rondes :<\/em> <\/span><\/strong><\/p>\n<p style=\"text-align: justify;\"><span style=\"font-family: book antiqua, palatino, serif; font-size: 18pt;\">&#8211; Avec Justine Breton, Ecrire l\u2019Histoire, 24 mai, 14h<\/span><\/p>\n<p style=\"text-align: justify;\"><span style=\"font-family: book antiqua, palatino, serif; font-size: 18pt;\">&#8211; Avec Laurent Di Filippo et Audrey Tuaillon Dem\u00e9sy, <\/span><span class=\"author-a-z90zbwoz78zz73zaopz90zman4p3\"><span style=\"font-family: book antiqua, palatino, serif; font-size: 18pt;\">Histoire, Arch\u00e9ologie et Histoire vivante, amies ou ennemies ?, 26 mai, 10h<\/span><br \/>\n<\/span><\/p>\n<hr \/>\n<p style=\"text-align: center;\"><span style=\"font-family: book antiqua, palatino, serif; font-size: 36pt; color: #800080;\">Ludinam 2024<\/span><\/p>\n<p style=\"text-align: justify;\"><span style=\"font-family: book antiqua, palatino, serif; font-size: 18pt;\">Dans le cadre de Ludinam, festival de la culture ludique bisontine, plusieurs membres de l&rsquo;\u00e9quipe ont particip\u00e9 le 5 mai \u00e0 la table ronde : \u00ab\u00a0Imaginaire du temps : plong\u00e9e dans la recherche sur les jeux\u00a0\u00bb, pilot\u00e9e par Charles Meyer.<\/span><\/p>\n<p style=\"text-align: justify;\"><span style=\"font-family: book antiqua, palatino, serif; font-size: 18pt;\">Merci \u00e0 <a href=\"https:\/\/ludinam.fr\/\" target=\"_blank\" rel=\"noopener\">Ludinam<\/a> pour l&rsquo;accueil et les \u00e9changes !<\/span><\/p>\n<p><img loading=\"lazy\" decoding=\"async\" class=\"size-large wp-image-1734 aligncenter\" src=\"https:\/\/aion-project.org\/blog\/wp-content\/uploads\/2024\/05\/IMG_20240505_141341-1024x768.jpg\" alt=\"\" width=\"525\" height=\"394\" srcset=\"https:\/\/aion-project.org\/blog\/wp-content\/uploads\/2024\/05\/IMG_20240505_141341-1024x768.jpg 1024w, https:\/\/aion-project.org\/blog\/wp-content\/uploads\/2024\/05\/IMG_20240505_141341-300x225.jpg 300w, https:\/\/aion-project.org\/blog\/wp-content\/uploads\/2024\/05\/IMG_20240505_141341-768x576.jpg 768w, https:\/\/aion-project.org\/blog\/wp-content\/uploads\/2024\/05\/IMG_20240505_141341.jpg 1280w\" sizes=\"auto, (max-width: 525px) 100vw, 525px\" \/><\/p>\n<hr \/>\n<p style=\"text-align: center;\"><span style=\"font-family: book antiqua, palatino, serif; font-size: 36pt; color: #800080;\">F\u00eate de la science 2023<\/span><\/p>\n<p style=\"text-align: justify;\"><span style=\"font-family: book antiqua, palatino, serif; font-size: 18pt;\">Une partie des recherches men\u00e9es au sein d&rsquo;Ai\u00f4n a \u00e9t\u00e9 pr\u00e9sent\u00e9e \u00e0 la F\u00eate de la Science, \u00e0 Besan\u00e7on.<\/span><\/p>\n<p style=\"text-align: justify;\"><span style=\"font-family: book antiqua, palatino, serif; font-size: 18pt;\">Outre les ateliers des chercheurs, Matthieu Epp y a pr\u00e9sent\u00e9 le spectacle cont\u00e9 Ai\u00f4n :<\/span><\/p>\n<p style=\"text-align: center;\"><span style=\"font-family: book antiqua, palatino, serif; font-size: 18pt;\"><strong>Nulla Futurae ?<\/strong><\/span><\/p>\n<p style=\"text-align: center;\"><span style=\"font-family: book antiqua, palatino, serif; font-size: 18pt;\">Par la Cie Rebonds d&rsquo;histoires<\/span><\/p>\n<p style=\"text-align: justify;\"><span style=\"font-family: book antiqua, palatino, serif; font-size: 18pt;\"><img loading=\"lazy\" decoding=\"async\" class=\"size-full wp-image-1662 aligncenter\" src=\"https:\/\/aion-project.org\/blog\/wp-content\/uploads\/2023\/09\/Capture-decran-du-2023-09-26-15-34-55.png\" alt=\"\" width=\"476\" height=\"669\" srcset=\"https:\/\/aion-project.org\/blog\/wp-content\/uploads\/2023\/09\/Capture-decran-du-2023-09-26-15-34-55.png 476w, https:\/\/aion-project.org\/blog\/wp-content\/uploads\/2023\/09\/Capture-decran-du-2023-09-26-15-34-55-213x300.png 213w\" sizes=\"auto, (max-width: 476px) 100vw, 476px\" \/><\/span><\/p>\n<p style=\"text-align: justify;\"><span style=\"font-family: book antiqua, palatino, serif; font-size: 18pt;\">Une balade cont\u00e9e au c\u0153ur du continent des loisirs alternatifs, entre balais volants, patins \u00e0 roulettes et pogos. Un spectacle, dont vous serez les h\u00e9ros, qui vous emm\u00e8nera sur les traces laiss\u00e9es par les chercheurs du groupe Aion dans leur qu\u00eate des imaginaires du temps.<\/span><\/p>\n<p style=\"text-align: center;\"><span style=\"font-family: book antiqua, palatino, serif; font-size: 18pt;\"><a href=\"https:\/\/aion-project.org\/blog\/wp-content\/uploads\/2023\/09\/afficheaiononstage.pdf\" target=\"_blank\" rel=\"noopener\">Affiche Premi\u00e8re du spectacle<\/a><\/span><\/p>\n<p style=\"text-align: justify;\"><span style=\"font-family: book antiqua, palatino, serif; font-size: 18pt;\"><strong>Horaires et lieux :<\/strong><\/span><\/p>\n<p style=\"text-align: justify;\"><span style=\"font-family: book antiqua, palatino, serif; font-size: 18pt;\">Vendredi 13 octobre, 18h, UFR STAPS, 31 Chemin de l&rsquo;Epitaphe, 25 000 Besan\u00e7on, salle 0302.<\/span><\/p>\n<p style=\"text-align: justify;\"><span style=\"font-family: book antiqua, palatino, serif; font-size: 18pt;\">Samedi 14 octobre, 16h30, Maison des \u00c9tudiants, Campus, 25 000 Besan\u00e7on.<\/span><\/p>\n<p style=\"text-align: justify;\"><span style=\"font-family: book antiqua, palatino, serif; font-size: 18pt;\">Entr\u00e9es libres<\/span><\/p>\n<hr \/>\n<p style=\"text-align: center;\"><span style=\"font-family: book antiqua, palatino, serif; font-size: 36pt; color: #800080;\">La Nuit des chercheurs 2023<\/span><\/p>\n<p><span style=\"font-family: book antiqua, palatino, serif; font-size: 18pt;\">Une partie de l&rsquo;\u00e9quipe Ai\u00f4n \u00e9tait pr\u00e9sente lors de la Nuit des chercheurs 2023, vendredi 29 septembre. Le th\u00e8me de cette ann\u00e9e s&rsquo;y pr\u00eatait bien : No(s) Futur(s).<\/span><\/p>\n<p><span style=\"font-family: book antiqua, palatino, serif; font-size: 18pt;\">C&rsquo;\u00e9tait \u00e0 Besan\u00e7on, au mus\u00e9e du temps, de 19h \u00e0 23h.<\/span><\/p>\n<p><span style=\"font-family: book antiqua, palatino, serif; font-size: 18pt;\"><a href=\"http:\/\/Le programme \u00e0 Besan\u00e7on.pdf\" target=\"_blank\" rel=\"noopener\">Le programme \u00e0 Besan\u00e7on <\/a><\/span><\/p>\n<p style=\"text-align: center;\"><span style=\"font-family: book antiqua, palatino, serif; font-size: 18pt;\"><a href=\"https:\/\/nuitdeschercheurs-france.eu\/?BesancoN\">https:\/\/nuitdeschercheurs-france.eu\/?2023<\/a><\/span><\/p>\n<p><iframe loading=\"lazy\" title=\"NUIT EUROP\u00c9ENNE DES CHERCHEUR\u00b7E\u00b7S \u00e0 BESAN\u00c7ON - 2023\" width=\"525\" height=\"295\" src=\"https:\/\/www.youtube.com\/embed\/EIHlNDqXERo?start=10&#038;feature=oembed\" frameborder=\"0\" allow=\"accelerometer; autoplay; clipboard-write; encrypted-media; gyroscope; picture-in-picture; web-share\" referrerpolicy=\"strict-origin-when-cross-origin\" allowfullscreen><\/iframe><\/p>\n<hr \/>\n<p style=\"text-align: center;\"><span style=\"font-family: book antiqua, palatino, serif; font-size: 36pt; color: #800080;\">Festival Les Imaginales 2023<br \/>\n<\/span><\/p>\n<p style=\"text-align: justify;\"><span style=\"font-family: book antiqua, palatino, serif; font-size: 18pt;\">Le P\u00f4le \u00ab\u00a0Histoire et Imaginaire\u00a0\u00bb, g\u00e9r\u00e9 par la r\u00e9gion Grand Est, a eu la gentillesse d&rsquo;accueillir une partie de l&rsquo;\u00e9quipe Ai\u00f4n pour une table ronde autour de la th\u00e9matique des imaginaires du temps, dimanche 28 mai 2023 (Orlane Messey, Audrey Tuaillon Dem\u00e9sy, Laurent Di Filippo, mod\u00e9r\u00e9e par Justine Breton).<br \/>\n<\/span><\/p>\n<p><img loading=\"lazy\" decoding=\"async\" class=\"size-full wp-image-1625 aligncenter\" src=\"https:\/\/aion-project.org\/blog\/wp-content\/uploads\/2023\/06\/IMG_20230528_161150_052.png\" alt=\"\" width=\"700\" height=\"525\" srcset=\"https:\/\/aion-project.org\/blog\/wp-content\/uploads\/2023\/06\/IMG_20230528_161150_052.png 700w, https:\/\/aion-project.org\/blog\/wp-content\/uploads\/2023\/06\/IMG_20230528_161150_052-300x225.png 300w\" sizes=\"auto, (max-width: 700px) 100vw, 700px\" \/><\/p>\n<p style=\"text-align: justify;\"><span style=\"font-family: book antiqua, palatino, serif; font-size: 18pt;\">Certains membres d&rsquo;Ai\u00f4n ont \u00e9galement particip\u00e9 \u00e0 plusieurs autres tables rondes : \u00ab\u00a0Jeu et histoire\u00a0\u00bb, \u00ab\u00a0M\u00e9di\u00e9visme vs m\u00e9di\u00e9valisme\u00a0\u00bb, \u00ab\u00a0Bestiaire\u00a0\u00bb et propos\u00e9 des conf\u00e9rences : \u00ab\u00a0La l\u00e9gende arthurienne est-elle toujours d&rsquo;actualit\u00e9 ?\u00a0\u00bb (Justine Breton), \u00ab\u00a0La reconstitution historique. Perspective sociologique\u00a0\u00bb (Audrey Tuaillon Dem\u00e9sy), \u00ab\u00a0Les Mythes au XXIe si\u00e8cle\u00a0\u00bb (Laurent Di Filippo).<br \/>\n<\/span><\/p>\n<p style=\"text-align: justify;\"><span style=\"font-family: book antiqua, palatino, serif; font-size: 18pt;\">Laurent Di Filippo a \u00e9galement fait une pr\u00e9sentation de son dernier ouvrage : Vikings !<br \/>\n<\/span><\/p>\n<p><img loading=\"lazy\" decoding=\"async\" class=\"size-full wp-image-1626 aligncenter\" src=\"https:\/\/aion-project.org\/blog\/wp-content\/uploads\/2023\/06\/Vikings-747491328.jpeg\" alt=\"\" width=\"340\" height=\"340\" srcset=\"https:\/\/aion-project.org\/blog\/wp-content\/uploads\/2023\/06\/Vikings-747491328.jpeg 340w, https:\/\/aion-project.org\/blog\/wp-content\/uploads\/2023\/06\/Vikings-747491328-300x300.jpeg 300w, https:\/\/aion-project.org\/blog\/wp-content\/uploads\/2023\/06\/Vikings-747491328-150x150.jpeg 150w\" sizes=\"auto, (max-width: 340px) 100vw, 340px\" \/><\/p>\n<hr \/>\n<p style=\"text-align: center;\"><span style=\"font-family: book antiqua, palatino, serif; font-size: 36pt; color: #800080;\">\u00c9v\u00e9nement OVNI<\/span><\/p>\n<p style=\"text-align: justify;\"><span style=\"font-family: book antiqua, palatino, serif; font-size: 18pt;\">Au mus\u00e9e de Lons-le-Saunier, le 10 d\u00e9cembre 2022, les visiteurs ont pu d\u00e9couvrir les travaux de quelques membres d&rsquo;Ai\u00f4n. Des informations <a href=\"https:\/\/actu.univ-fcomte.fr\/agenda\/ovni-debarque-lons-le-saunier\" target=\"_blank\" rel=\"noopener\">ici<\/a>. Merci au service Sciences, arts et culture de l&rsquo;Universit\u00e9 de Franche-Comt\u00e9 ! <\/span><\/p>\n<p><img loading=\"lazy\" decoding=\"async\" class=\"size-full wp-image-1514 aligncenter\" src=\"https:\/\/aion-project.org\/blog\/wp-content\/uploads\/2022\/12\/ovni.jpg\" alt=\"\" width=\"600\" height=\"400\" srcset=\"https:\/\/aion-project.org\/blog\/wp-content\/uploads\/2022\/12\/ovni.jpg 600w, https:\/\/aion-project.org\/blog\/wp-content\/uploads\/2022\/12\/ovni-300x200.jpg 300w\" sizes=\"auto, (max-width: 600px) 100vw, 600px\" \/><\/p>\n<hr \/>\n<p style=\"text-align: center;\"><span style=\"font-family: book antiqua, palatino, serif; font-size: 36pt; color: #800080;\">La Nuit des chercheurs 2022<br \/>\n<\/span><\/p>\n<p style=\"text-align: justify;\"><span style=\"font-family: book antiqua, palatino, serif; font-size: 18pt;\">Pr\u00e9sentations le vendredi 30 septembre 2022 (19h-23h) dans la cour du Mus\u00e9e du Temps \u00e0 Besan\u00e7on par trois membres de l&rsquo;\u00e9quipe : Orlane Messey, Sacha Thi\u00e9baud, Audrey Tuaillon Dem\u00e9sy. D\u00e9couverte des cultures alternatives, du punk au roller derby ! Plus d&rsquo;informations <a href=\"https:\/\/nuitdeschercheurs-france.eu\/?2022\" target=\"_blank\" rel=\"noopener\">ici<\/a>. <\/span><\/p>\n<p><img loading=\"lazy\" decoding=\"async\" class=\"size-large wp-image-1465 aligncenter\" src=\"https:\/\/aion-project.org\/blog\/wp-content\/uploads\/2022\/10\/20220930_183411-1024x768.jpg\" alt=\"\" width=\"525\" height=\"394\" srcset=\"https:\/\/aion-project.org\/blog\/wp-content\/uploads\/2022\/10\/20220930_183411-1024x768.jpg 1024w, https:\/\/aion-project.org\/blog\/wp-content\/uploads\/2022\/10\/20220930_183411-300x225.jpg 300w, https:\/\/aion-project.org\/blog\/wp-content\/uploads\/2022\/10\/20220930_183411-768x576.jpg 768w, https:\/\/aion-project.org\/blog\/wp-content\/uploads\/2022\/10\/20220930_183411-1536x1152.jpg 1536w, https:\/\/aion-project.org\/blog\/wp-content\/uploads\/2022\/10\/20220930_183411-2048x1536.jpg 2048w\" sizes=\"auto, (max-width: 525px) 100vw, 525px\" \/><\/p>\n<hr \/>\n<p style=\"text-align: center;\"><span style=\"font-family: book antiqua, palatino, serif; font-size: 36pt; color: #800080;\">Pint of science 2022<br \/>\n<\/span><\/p>\n<p style=\"text-align: justify;\"><span style=\"font-family: book antiqua, palatino, serif; font-size: 18pt;\">Interventions conjointes de Sidney Grospr\u00eatre et Audrey Tuaillon Dem\u00e9sy sur le th\u00e8me \u00ab\u00a0Le sport, une histoire de cerveau et de soci\u00e9t\u00e9\u00a0\u00bb et, plus pr\u00e9cis\u00e9ment, sur <a href=\"https:\/\/pintofscience.fr\/event\/le-sport-une-histoire-de-cerveau-et-de-societe\" target=\"_blank\" rel=\"noopener\">le parkour et les pratiques alternatives<\/a>, 9 mai 2022, dans le cadre du festival <em>Pint of science<\/em>. <\/span><\/p>\n<hr \/>\n<p style=\"text-align: center;\"><span style=\"font-family: book antiqua, palatino, serif; font-size: 36pt; color: #800080;\">Firemaster Convention 2022<br \/>\n<\/span><\/p>\n<p style=\"text-align: justify;\"><span style=\"font-size: 18pt;\">Table ronde portant sur \u00ab\u00a0les<\/span><span style=\"font-size: small;\"><span style=\"font-size: 18pt;\"> influences culturelles dans la composition, la mise en sc\u00e8ne et la r\u00e9ception de la musique\u00a0\u00bb dans le cadre de la convention rock et metal <em>Firemaster<\/em>, 30 avril 2022.<\/span><\/span><\/p>\n<p><img loading=\"lazy\" decoding=\"async\" class=\"size-large wp-image-1414 aligncenter\" src=\"https:\/\/aion-project.org\/blog\/wp-content\/uploads\/2022\/05\/firemaster-1024x768.jpeg\" alt=\"\" width=\"525\" height=\"394\" srcset=\"https:\/\/aion-project.org\/blog\/wp-content\/uploads\/2022\/05\/firemaster-1024x768.jpeg 1024w, https:\/\/aion-project.org\/blog\/wp-content\/uploads\/2022\/05\/firemaster-300x225.jpeg 300w, https:\/\/aion-project.org\/blog\/wp-content\/uploads\/2022\/05\/firemaster-768x576.jpeg 768w, https:\/\/aion-project.org\/blog\/wp-content\/uploads\/2022\/05\/firemaster-1536x1152.jpeg 1536w, https:\/\/aion-project.org\/blog\/wp-content\/uploads\/2022\/05\/firemaster.jpeg 1632w\" sizes=\"auto, (max-width: 525px) 100vw, 525px\" \/><\/p>\n<hr \/>\n<p style=\"text-align: center;\"><span style=\"font-family: book antiqua, palatino, serif; font-size: 36pt; color: #800080;\">Emission\u00a0Nota Bene &#8211; Vikings<\/span><\/p>\n<p style=\"text-align: center;\"><span style=\"font-family: book antiqua, palatino, serif; font-size: 18pt;\">Retrouvez ci-dessous une intervention de Laurent Di Filippo dans l&rsquo;\u00e9mission Nota Bene : <\/span><\/p>\n<p><span style=\"font-family: book antiqua, palatino, serif; font-size: 18pt;\"><strong>\u00ab\u00a0Les vikings n&rsquo;avaient pas de casques \u00e0 cornes ! Entretien avec William Blanc et Laurent Di Filippo\u00a0\u00bb<\/strong><\/span><\/p>\n<p><iframe loading=\"lazy\" title=\"Les vikings n&#039;avaient pas de casques \u00e0 cornes ! Entretien avec William Blanc et Laurent Di Filippo\" width=\"525\" height=\"295\" src=\"https:\/\/www.youtube.com\/embed\/AV_02cXHbs0?feature=oembed\" frameborder=\"0\" allow=\"accelerometer; autoplay; clipboard-write; encrypted-media; gyroscope; picture-in-picture; web-share\" referrerpolicy=\"strict-origin-when-cross-origin\" allowfullscreen><\/iframe><\/p>\n<hr \/>\n<p style=\"text-align: center;\"><span style=\"font-size: 36pt; font-family: book antiqua, palatino, serif; color: #800080;\"> Mus\u00e9e du Vermandois<\/span><\/p>\n<p style=\"text-align: center;\"><strong><span style=\"font-family: book antiqua, palatino, serif; font-size: 18pt;\">7 mars 2020, interventions d&rsquo;Audrey Tuaillon Dem\u00e9sy et Tanguy Alix (Les Ambiani). <\/span><br \/>\n<\/strong><\/p>\n<p><img loading=\"lazy\" decoding=\"async\" class=\" wp-image-455 aligncenter\" src=\"https:\/\/aion-project.org\/blog\/wp-content\/uploads\/2020\/03\/museevermandois.jpg\" alt=\"\" width=\"471\" height=\"667\" srcset=\"https:\/\/aion-project.org\/blog\/wp-content\/uploads\/2020\/03\/museevermandois.jpg 678w, https:\/\/aion-project.org\/blog\/wp-content\/uploads\/2020\/03\/museevermandois-212x300.jpg 212w\" sizes=\"auto, (max-width: 471px) 100vw, 471px\" \/><\/p>\n","protected":false},"excerpt":{"rendered":"<p>Les Imaginales 2025 Pour 2025, voici le programme des interventions du collectif Ai\u00f4n au sein du P\u00f4le Histoire du vendredi 23 mai au dimanche 25 mai.\u00a0 Caf\u00e9 de l&rsquo;histoire :\u00a0 The Witcher : les marginaux au c\u0153ur de l\u2019histoire, Justine Breton, 23 mai, 12h. Tables rondes : Du vodou aux zombies : figures de la [&hellip;]<\/p>\n","protected":false},"author":1,"featured_media":0,"parent":1144,"menu_order":0,"comment_status":"closed","ping_status":"closed","template":"","meta":{"footnotes":""},"class_list":["post-780","page","type-page","status-publish","hentry"],"_links":{"self":[{"href":"https:\/\/aion-project.org\/blog\/index.php?rest_route=\/wp\/v2\/pages\/780","targetHints":{"allow":["GET"]}}],"collection":[{"href":"https:\/\/aion-project.org\/blog\/index.php?rest_route=\/wp\/v2\/pages"}],"about":[{"href":"https:\/\/aion-project.org\/blog\/index.php?rest_route=\/wp\/v2\/types\/page"}],"author":[{"embeddable":true,"href":"https:\/\/aion-project.org\/blog\/index.php?rest_route=\/wp\/v2\/users\/1"}],"replies":[{"embeddable":true,"href":"https:\/\/aion-project.org\/blog\/index.php?rest_route=%2Fwp%2Fv2%2Fcomments&post=780"}],"version-history":[{"count":32,"href":"https:\/\/aion-project.org\/blog\/index.php?rest_route=\/wp\/v2\/pages\/780\/revisions"}],"predecessor-version":[{"id":1861,"href":"https:\/\/aion-project.org\/blog\/index.php?rest_route=\/wp\/v2\/pages\/780\/revisions\/1861"}],"up":[{"embeddable":true,"href":"https:\/\/aion-project.org\/blog\/index.php?rest_route=\/wp\/v2\/pages\/1144"}],"wp:attachment":[{"href":"https:\/\/aion-project.org\/blog\/index.php?rest_route=%2Fwp%2Fv2%2Fmedia&parent=780"}],"curies":[{"name":"wp","href":"https:\/\/api.w.org\/{rel}","templated":true}]}}