{"id":504,"date":"2020-07-06T13:54:06","date_gmt":"2020-07-06T13:54:06","guid":{"rendered":"https:\/\/aion-project.org\/blog\/?page_id=504"},"modified":"2021-10-23T14:15:34","modified_gmt":"2021-10-23T14:15:34","slug":"atelier-du-reseau-fer-eurethno-imaginaires-du-temps-temps-de-limaginaire","status":"publish","type":"page","link":"https:\/\/aion-project.org\/blog\/?page_id=504","title":{"rendered":"Atelier du r\u00e9seau FER-Eurethno 2020 &#8211; Imaginaires du temps, temps de l&rsquo;imaginaire"},"content":{"rendered":"<p style=\"text-align: justify;\"><span style=\"font-family: book antiqua, palatino, serif; font-size: 18pt;\">Du 12 au 14 juin 2020, s&rsquo;est tenu \u00e0 <span style=\"color: #000000;\">\u0141\u00f3d\u017a<\/span>, en Pologne, le 32e atelier du r\u00e9seau FER-EURETHNO du Conseil de l&rsquo;Europe et la 2e conf\u00e9rence du Groupe de Travail francophone de la SIEF. <\/span><\/p>\n<p style=\"text-align: justify;\"><span style=\"font-size: 18pt; font-family: book antiqua, palatino, serif;\">Cet atelier, intitul\u00e9 <em><strong>Imaginaires du temps, temps de l&rsquo;imaginaire<\/strong><\/em>, \u00e9tait co-organis\u00e9 par Laurent S\u00e9bastien Fournier et Inga Ku\u017ama. Les communications se sont tenues en visioconf\u00e9rences, en raison de la crise sanitaire.<\/span><\/p>\n<p style=\"text-align: justify;\"><span style=\"font-size: 18pt; font-family: book antiqua, palatino, serif;\"><strong>Sept membres de l&rsquo;\u00e9quipe Ai\u00f4n ont pu participer \u00e0 cet atelier et pr\u00e9senter leurs travaux :<\/strong><\/span><\/p>\n<p style=\"text-align: justify;\"><span style=\"font-family: book antiqua, palatino, serif; font-size: 18pt;\">&#8211; Laurent Di Filippo : <span lang=\"en-US\"><i>La r\u00e9ception des mythes : entre permanence et changement<\/i><\/span><\/span><\/p>\n<p style=\"text-align: justify;\"><span style=\"font-family: book antiqua, palatino, serif; font-size: 18pt;\">&#8211; Jim Donaghey : <span style=\"color: #000000;\">\u2018<span lang=\"en-US\"><i>Fuck Nostalgia\u2019: Conflicting punk imaginaries of \u2018retromania\u2019 and iconoclastic contemporaneousness<\/i><\/span><\/span><\/span><\/p>\n<p style=\"text-align: justify;\"><span style=\"font-family: book antiqua, palatino, serif; font-size: 18pt;\">&#8211; Laurent S\u00e9bastien Fournier :<span lang=\"en-US\">\u00a0<\/span><span lang=\"en-US\"><i>From Myth to Imagination. <\/i><\/span><i>Transformations of the Imaginaries of Time in Europe.<\/i><\/span><\/p>\n<p style=\"text-align: justify;\"><span style=\"font-family: book antiqua, palatino, serif; font-size: 18pt;\">&#8211; S\u00e9bastien Haissat et Cl\u00e9mentine Hougue : <span style=\"color: #000000;\"><span lang=\"en-US\"><i>Imaginaire du temps et effondrement du r\u00e9gime d\u00e9mocratique. Les prospectives d\u00e9ploy\u00e9es dans la s\u00e9rie La Servante \u00c9carlate<\/i><\/span><\/span><\/span><\/p>\n<p style=\"text-align: justify;\"><span style=\"font-family: book antiqua, palatino, serif; font-size: 18pt;\">&#8211; Orlane Messey : <span style=\"color: #000000;\"><span lang=\"en-US\"><i>Le roller derby : des ladies au derby &#8211; une pulp fiction <\/i><\/span><\/span><\/span><\/p>\n<p style=\"text-align: justify;\"><span style=\"font-family: book antiqua, palatino, serif; font-size: 18pt;\">&#8211; Audrey Tuaillon Dem\u00e9sy : <span style=\"color: #000000;\"><span lang=\"en-US\"><i>L\u2019imaginaire du temps dans les loisirs alternatifs<\/i><\/span><\/span><\/span><\/p>\n<p class=\"western\" lang=\"pl-PL\" style=\"text-align: justify;\" align=\"justify\"><span style=\"color: #000000; font-family: book antiqua, palatino, serif; font-size: 18pt;\"><span lang=\"en-US\">\u00a0<\/span><\/span><\/p>\n<p class=\"western\" style=\"text-align: justify;\" align=\"center\"><span style=\"font-family: book antiqua, palatino, serif; font-size: 18pt;\"><strong><span style=\"color: #ff3300;\">\u00a0<\/span><\/strong><\/span><\/p>\n<p style=\"text-align: justify;\" align=\"center\">\n","protected":false},"excerpt":{"rendered":"<p>Du 12 au 14 juin 2020, s&rsquo;est tenu \u00e0 \u0141\u00f3d\u017a, en Pologne, le 32e atelier du r\u00e9seau FER-EURETHNO du Conseil de l&rsquo;Europe et la 2e conf\u00e9rence du Groupe de Travail francophone de la SIEF. Cet atelier, intitul\u00e9 Imaginaires du temps, temps de l&rsquo;imaginaire, \u00e9tait co-organis\u00e9 par Laurent S\u00e9bastien Fournier et Inga Ku\u017ama. Les communications se [&hellip;]<\/p>\n","protected":false},"author":1,"featured_media":0,"parent":450,"menu_order":0,"comment_status":"closed","ping_status":"closed","template":"","meta":{"footnotes":""},"class_list":["post-504","page","type-page","status-publish","hentry"],"_links":{"self":[{"href":"https:\/\/aion-project.org\/blog\/index.php?rest_route=\/wp\/v2\/pages\/504","targetHints":{"allow":["GET"]}}],"collection":[{"href":"https:\/\/aion-project.org\/blog\/index.php?rest_route=\/wp\/v2\/pages"}],"about":[{"href":"https:\/\/aion-project.org\/blog\/index.php?rest_route=\/wp\/v2\/types\/page"}],"author":[{"embeddable":true,"href":"https:\/\/aion-project.org\/blog\/index.php?rest_route=\/wp\/v2\/users\/1"}],"replies":[{"embeddable":true,"href":"https:\/\/aion-project.org\/blog\/index.php?rest_route=%2Fwp%2Fv2%2Fcomments&post=504"}],"version-history":[{"count":5,"href":"https:\/\/aion-project.org\/blog\/index.php?rest_route=\/wp\/v2\/pages\/504\/revisions"}],"predecessor-version":[{"id":1266,"href":"https:\/\/aion-project.org\/blog\/index.php?rest_route=\/wp\/v2\/pages\/504\/revisions\/1266"}],"up":[{"embeddable":true,"href":"https:\/\/aion-project.org\/blog\/index.php?rest_route=\/wp\/v2\/pages\/450"}],"wp:attachment":[{"href":"https:\/\/aion-project.org\/blog\/index.php?rest_route=%2Fwp%2Fv2%2Fmedia&parent=504"}],"curies":[{"name":"wp","href":"https:\/\/api.w.org\/{rel}","templated":true}]}}