{"id":410,"date":"2020-02-14T18:21:10","date_gmt":"2020-02-14T18:21:10","guid":{"rendered":"https:\/\/aion-project.org\/blog\/?page_id=410"},"modified":"2021-07-17T09:23:52","modified_gmt":"2021-07-17T09:23:52","slug":"festain-dhistoire","status":"publish","type":"page","link":"https:\/\/aion-project.org\/blog\/?page_id=410","title":{"rendered":"Fest&rsquo;Ain d&rsquo;histoire \u00ab\u00a0Un temps pour l&rsquo;Histoire\u00a0\u00bb"},"content":{"rendered":"<p style=\"text-align: justify;\"><span style=\"font-family: book antiqua, palatino, serif; font-size: 18pt;\">L&rsquo;\u00e9dition 2020 de Fest&rsquo;Ain d&rsquo;Histoire s&rsquo;est d\u00e9roul\u00e9e les 10 et 11 octobre 2020, \u00e0 Chazey-sur-Ain. Elle avait pour th\u00e8me \u00ab\u00a0Un temps pour l&rsquo;Histoire\u00a0\u00bb. <\/span><\/p>\n<p>&nbsp;<\/p>\n<p><span style=\"font-family: book antiqua, palatino, serif;\"><img loading=\"lazy\" decoding=\"async\" class=\"size-full wp-image-917 aligncenter\" src=\"https:\/\/aion-project.org\/blog\/wp-content\/uploads\/2021\/07\/fadh.jpeg\" alt=\"\" width=\"474\" height=\"663\" srcset=\"https:\/\/aion-project.org\/blog\/wp-content\/uploads\/2021\/07\/fadh.jpeg 474w, https:\/\/aion-project.org\/blog\/wp-content\/uploads\/2021\/07\/fadh-214x300.jpeg 214w\" sizes=\"auto, (max-width: 474px) 100vw, 474px\" \/><\/span><\/p>\n<p>&nbsp;<\/p>\n<p style=\"text-align: justify;\"><span style=\"font-family: book antiqua, palatino, serif;\"><span style=\"font-size: 18pt;\">Le colloque a pris place au sein du festival historique multi-\u00e9poques \u00e9ponyme, pilot\u00e9 par No\u00e9mie Burdin.<\/span><\/span><\/p>\n<p style=\"text-align: center;\"><span style=\"font-size: 18pt; color: #800080; font-family: book antiqua, palatino, serif;\"><a style=\"color: #800080;\" href=\"https:\/\/aion-project.org\/blog\/wp-content\/uploads\/2020\/09\/Programme-provisoire.pdf\"><strong><span style=\"color: #ff6600;\">Programme \u00ab\u00a0Un temps pour l&rsquo;histoire\u00a0\u00bb<\/span><\/strong><\/a><\/span><\/p>\n<p style=\"text-align: center;\"><span style=\"font-family: book antiqua, palatino, serif;\"><strong><span style=\"font-size: 18pt; color: #ff6600;\"><a style=\"color: #ff6600;\" href=\"https:\/\/aion-project.org\/blog\/wp-content\/uploads\/2020\/02\/A-\u00e0-C-FADH-2020.pdf\" target=\"_blank\" rel=\"noopener noreferrer\">Appel \u00e0 communications \u00ab\u00a0Un temps pour l&rsquo;histoire\u00a0\u00bb<\/a><\/span><\/strong><\/span><\/p>\n<p style=\"text-align: justify;\">\n","protected":false},"excerpt":{"rendered":"<p>L&rsquo;\u00e9dition 2020 de Fest&rsquo;Ain d&rsquo;Histoire s&rsquo;est d\u00e9roul\u00e9e les 10 et 11 octobre 2020, \u00e0 Chazey-sur-Ain. Elle avait pour th\u00e8me \u00ab\u00a0Un temps pour l&rsquo;Histoire\u00a0\u00bb. &nbsp; &nbsp; Le colloque a pris place au sein du festival historique multi-\u00e9poques \u00e9ponyme, pilot\u00e9 par No\u00e9mie Burdin. Programme \u00ab\u00a0Un temps pour l&rsquo;histoire\u00a0\u00bb Appel \u00e0 communications \u00ab\u00a0Un temps pour l&rsquo;histoire\u00a0\u00bb<\/p>\n","protected":false},"author":1,"featured_media":0,"parent":22,"menu_order":0,"comment_status":"closed","ping_status":"closed","template":"","meta":{"footnotes":""},"class_list":["post-410","page","type-page","status-publish","hentry"],"_links":{"self":[{"href":"https:\/\/aion-project.org\/blog\/index.php?rest_route=\/wp\/v2\/pages\/410","targetHints":{"allow":["GET"]}}],"collection":[{"href":"https:\/\/aion-project.org\/blog\/index.php?rest_route=\/wp\/v2\/pages"}],"about":[{"href":"https:\/\/aion-project.org\/blog\/index.php?rest_route=\/wp\/v2\/types\/page"}],"author":[{"embeddable":true,"href":"https:\/\/aion-project.org\/blog\/index.php?rest_route=\/wp\/v2\/users\/1"}],"replies":[{"embeddable":true,"href":"https:\/\/aion-project.org\/blog\/index.php?rest_route=%2Fwp%2Fv2%2Fcomments&post=410"}],"version-history":[{"count":19,"href":"https:\/\/aion-project.org\/blog\/index.php?rest_route=\/wp\/v2\/pages\/410\/revisions"}],"predecessor-version":[{"id":1003,"href":"https:\/\/aion-project.org\/blog\/index.php?rest_route=\/wp\/v2\/pages\/410\/revisions\/1003"}],"up":[{"embeddable":true,"href":"https:\/\/aion-project.org\/blog\/index.php?rest_route=\/wp\/v2\/pages\/22"}],"wp:attachment":[{"href":"https:\/\/aion-project.org\/blog\/index.php?rest_route=%2Fwp%2Fv2%2Fmedia&parent=410"}],"curies":[{"name":"wp","href":"https:\/\/api.w.org\/{rel}","templated":true}]}}