{"id":1530,"date":"2023-01-23T09:38:51","date_gmt":"2023-01-23T09:38:51","guid":{"rendered":"https:\/\/aion-project.org\/blog\/?page_id=1530"},"modified":"2023-07-20T12:53:34","modified_gmt":"2023-07-20T12:53:34","slug":"creer-resister-et-faire-soi-meme-le-diy-et-ses-imaginaires","status":"publish","type":"page","link":"https:\/\/aion-project.org\/blog\/?page_id=1530","title":{"rendered":"Cr\u00e9er, r\u00e9sister et faire soi-m\u00eame : le DIY et ses imaginaires 4\/07\/23"},"content":{"rendered":"<p style=\"text-align: justify;\"><span style=\"font-family: book antiqua, palatino, serif; font-size: 18pt;\">L&rsquo;\u00e9quipe Ai\u00f4n, en partenariat avec le laboratoire IDEA de Nancy, a organis\u00e9 une journ\u00e9e d&rsquo;\u00e9tude portant sur le DIY et ses imaginaires, le 4 juillet 2023. Outre les interventions, un ensemble de collages sonores a \u00e9galement \u00e9t\u00e9 propos\u00e9 par IBO (voir ci-dessous), illustrant le DIY en acte.<br \/>\n<\/span><\/p>\n<p><img loading=\"lazy\" decoding=\"async\" class=\"size-full wp-image-1610 aligncenter\" src=\"https:\/\/aion-project.org\/blog\/wp-content\/uploads\/2023\/05\/affiche.png\" alt=\"\" width=\"495\" height=\"700\" srcset=\"https:\/\/aion-project.org\/blog\/wp-content\/uploads\/2023\/05\/affiche.png 495w, https:\/\/aion-project.org\/blog\/wp-content\/uploads\/2023\/05\/affiche-212x300.png 212w\" sizes=\"auto, (max-width: 495px) 100vw, 495px\" \/><\/p>\n<p style=\"text-align: center;\"><span style=\"font-family: book antiqua, palatino, serif; font-size: 36pt; color: #ff6600;\">Les collages sonores<\/span><\/p>\n<p style=\"text-align: center;\" align=\"left\"><span style=\"font-family: book antiqua, palatino, serif; font-size: 24pt; color: #993366;\">\u00ab\u00a0Reclassement des sons de ces journ\u00e9es\u00a0\u00bb, <\/span><span style=\"font-family: book antiqua, palatino, serif; font-size: 24pt; color: #993366;\">par IBO<\/span><\/p>\n<p style=\"text-align: center;\" align=\"left\"><em><span style=\"font-family: book antiqua, palatino, serif; font-size: 18pt;\">Shake en raison<\/span><\/em><\/p>\n<div style=\"width: 525px;\" class=\"wp-video\"><!--[if lt IE 9]><script>document.createElement('video');<\/script><![endif]-->\n<video class=\"wp-video-shortcode\" id=\"video-1530-1\" width=\"525\" height=\"295\" preload=\"metadata\" controls=\"controls\"><source type=\"video\/mp4\" src=\"https:\/\/aion-project.org\/blog\/wp-content\/uploads\/2023\/07\/1.-Shake-En-raison.mp4?_=1\" \/><a href=\"https:\/\/aion-project.org\/blog\/wp-content\/uploads\/2023\/07\/1.-Shake-En-raison.mp4\">https:\/\/aion-project.org\/blog\/wp-content\/uploads\/2023\/07\/1.-Shake-En-raison.mp4<\/a><\/video><\/div>\n<p style=\"text-align: center;\"><em><span style=\"font-family: book antiqua, palatino, serif; font-size: 18pt;\">Au boulot<\/span><\/em><\/p>\n<div style=\"width: 525px;\" class=\"wp-video\"><video class=\"wp-video-shortcode\" id=\"video-1530-2\" width=\"525\" height=\"295\" preload=\"metadata\" controls=\"controls\"><source type=\"video\/mp4\" src=\"https:\/\/aion-project.org\/blog\/wp-content\/uploads\/2023\/07\/3.-Quest-ce-que-je-peux-faire.mp4?_=2\" \/><a href=\"https:\/\/aion-project.org\/blog\/wp-content\/uploads\/2023\/07\/3.-Quest-ce-que-je-peux-faire.mp4\">https:\/\/aion-project.org\/blog\/wp-content\/uploads\/2023\/07\/3.-Quest-ce-que-je-peux-faire.mp4<\/a><\/video><\/div>\n<p style=\"text-align: center;\"><em><span style=\"font-family: book antiqua, palatino, serif; font-size: 18pt;\">Qu&rsquo;est-ce que je peux faire ?<\/span><\/em><\/p>\n<div style=\"width: 525px;\" class=\"wp-video\"><video class=\"wp-video-shortcode\" id=\"video-1530-3\" width=\"525\" height=\"295\" preload=\"metadata\" controls=\"controls\"><source type=\"video\/mp4\" src=\"https:\/\/aion-project.org\/blog\/wp-content\/uploads\/2023\/07\/2.-Au-boulot.mp4?_=3\" \/><a href=\"https:\/\/aion-project.org\/blog\/wp-content\/uploads\/2023\/07\/2.-Au-boulot.mp4\">https:\/\/aion-project.org\/blog\/wp-content\/uploads\/2023\/07\/2.-Au-boulot.mp4<\/a><\/video><\/div>\n<p style=\"text-align: justify;\" align=\"left\"><span style=\"font-family: book antiqua, palatino, serif; font-size: 18pt;\">Qui ne s&rsquo;est jamais dit face \u00e0 certaines \u0153uvres d&rsquo;art : \u00ab\u00a0Moi aussi je peux le faire\u00a0!\u00a0\u00bb ou \u00ab\u00a0J&rsquo;aimerais bien \u00eatre capable de faire la m\u00eame chose\u00a0\u00bb\u00a0? Ibo est une personne lambda faisant de l&rsquo;art, un Fran\u00e7ais moyen dont l\u2019exp\u00e9rience en arts plastiques se r\u00e9sume \u00e0 ses cours de coll\u00e8ge. Il a choisi de tenter, de t\u00e2tonner, d&rsquo;accepter d\u2019\u00e9chouer, et d&rsquo;essayer d\u2019am\u00e9liorer constamment ses productions, afin de d\u00e9couvrir les satisfactions personnelles qu\u2019il peut retirer du processus cr\u00e9atif. Il r\u00e9sume ainsi sa d\u00e9marche\u00a0: \u00ab\u00a0si je peux le faire, tout le monde peut le faire\u00a0\u00bb.<\/span><\/p>\n<p>&nbsp;<\/p>\n<p style=\"text-align: center;\"><span style=\"font-family: book antiqua, palatino, serif; font-size: 36pt; color: #ff6600;\"><a style=\"color: #ff6600;\" href=\"https:\/\/aion-project.org\/blog\/wp-content\/uploads\/2023\/05\/programmeVF.pdf\" target=\"_blank\" rel=\"noopener\">Le programme<\/a><\/span><\/p>\n<p class=\"western\" align=\"center\"><span style=\"font-family: arial, helvetica, sans-serif;\"><span style=\"color: #d62e4e;\"><span style=\"font-size: large;\"><b>Session 1 \u2013 <\/b><\/span><\/span><span style=\"color: #d62e4e;\"><span style=\"font-size: large;\"><b>Sc\u00e8nes <\/b><\/span><\/span><span style=\"color: #d62e4e;\"><span style=\"font-size: large;\"><b>artistiques<\/b><\/span><\/span><span style=\"color: #d62e4e;\"><span style=\"font-size: large;\"><b> et <\/b><\/span><\/span><span style=\"color: #d62e4e;\"><span style=\"font-size: large;\"><i><b>do it yourself<\/b><\/i><\/span><\/span><span style=\"color: #d62e4e;\"><span style=\"font-size: large;\"><b>\u00a0: <\/b><\/span><\/span><span style=\"color: #d62e4e;\"><span style=\"font-size: large;\"><b>entre autogestion <\/b><\/span><\/span><span style=\"color: #d62e4e;\"><span style=\"font-size: large;\"><b>et entrepreneuriat<\/b><\/span><\/span><\/span><\/p>\n<p class=\"western\" align=\"justify\"><b>10h\u00a0: <\/b>\u00ab\u00a0Produire les cassettes \u00e0 Saint-P\u00e9tersbourg \u00e0 l\u2019\u00e8re du num\u00e9rique : entre un entrepreneuriat DIY et un monopole d\u2019un march\u00e9 de niche\u00a0\u00bb, Anna Zaytseva (MCF, Universit\u00e9 Toulouse Jean Jaur\u00e8s).<\/p>\n<p class=\"western\" align=\"justify\"><span style=\"font-size: medium;\"><b>10h20\u00a0: <\/b>\u00ab\u00a0\u00c0 quoi jouent les punks\u00a0? L\u2019imaginaire d\u2019ind\u00e9pendance de la sc\u00e8ne DIY comme condition de r\u00e9alisation de carri\u00e8res punk\u00a0\u00bb, Manuel Roux (Post-doctorant ANR MUSICOVID).<\/span><\/p>\n<p class=\"western\" align=\"justify\"><span style=\"font-size: medium;\"><b>10h40\u00a0:<\/b><\/span><span style=\"font-size: medium;\"> \u00ab\u00a0<\/span><span style=\"font-family: Liberation Serif, serif;\"><span style=\"font-size: medium;\">\u00ab\u00a0<\/span><\/span><span style=\"font-size: medium;\">Fais-le toi-m\u00eame et tu peux le faire bien<\/span><span style=\"font-family: Liberation Serif, serif;\"><span style=\"font-size: medium;\">\u00ab\u00a0<\/span><\/span><span style=\"font-size: medium;\">\u00a0: retour sur les discours transformant l\u2019informalit\u00e9 \u00e9conomique en lutte antisyst\u00e8me \u2013 Lima 2015-2019\u00a0\u00bb, Lucie Miramont (Post-doctorante, <\/span><span style=\"color: #000000;\"><span style=\"font-family: Times New Roman, serif;\">Casa de Vel\u00e1zquez-EHEHI<\/span><\/span><span style=\"color: #000000;\"><span style=\"font-family: Times New Roman, serif;\"><span style=\"font-size: medium;\">, Madrid).<\/span><\/span><\/span><\/p>\n<p class=\"western\" align=\"justify\"><span style=\"font-size: medium;\"><span style=\"color: #000000;\"><span style=\"font-family: Times New Roman, serif;\"><b>11h\u00a0:<\/b><\/span><\/span><span style=\"color: #000000;\"><span style=\"font-family: Times New Roman, serif;\"> discussion<\/span><\/span><\/span><\/p>\n<p class=\"western\" align=\"left\"><span style=\"font-size: medium;\"><b>12h-13h30\u00a0<\/b><\/span><span style=\"font-size: medium;\">:<\/span> Pause d\u00e9jeuner<\/p>\n<p class=\"western\" align=\"center\"><span style=\"color: #800080;\">Diffusion de \u00ab\u00a0Reclassement des sons de ces journ\u00e9es\u00a0\u00bb (collages sonores de IBO).<\/span><\/p>\n<p class=\"western\" align=\"center\"><span style=\"font-family: arial, helvetica, sans-serif;\"><span style=\"color: #d62e4e;\"><span style=\"font-size: large;\"><b>Session <\/b><\/span><\/span><span style=\"color: #d62e4e;\"><span style=\"font-size: large;\"><b>2<\/b><\/span><\/span><span style=\"color: #d62e4e;\"><span style=\"font-size: large;\"><b> \u2013 <\/b><\/span><\/span><span style=\"color: #d62e4e;\"><span style=\"font-size: large;\"><b>Techniques et culture du bricolage<\/b><\/span><\/span><\/span><\/p>\n<p class=\"western\" align=\"justify\"><span style=\"font-size: medium;\"><b>13h30\u00a0:<\/b><\/span> <span style=\"font-size: medium;\">\u00ab\u00a0La pratique <\/span><span style=\"font-size: medium;\"><i>maker<\/i><\/span><span style=\"font-size: medium;\"> \u00e0 Barcelone\u00a0: d\u00e9brider l&rsquo;imaginaire politique des technologies et restaurer un pouvoir d&rsquo;agir des citoyens\u00a0\u00bb, Sandrine Lambert (Doctorante, Universit\u00e9 Laval, <\/span><span style=\"font-size: medium;\">Qu\u00e9bec<\/span><span style=\"font-size: medium;\">).<\/span><\/p>\n<p class=\"western\" align=\"justify\"><span style=\"font-size: medium;\"><b>13h50\u00a0:<\/b><\/span><span style=\"font-size: medium;\"> \u00ab\u00a0Bouturer Garfield : un produit \u00e0 la d\u00e9rive dans la mer d\u2019Iroise\u00a0\u00bb, Thibault le Page (<\/span><span style=\"font-size: medium;\">D<\/span>essinateur et doctorant en sciences sociales HEAD Gen\u00e8ve HES-SO \/ UNIGE).<\/p>\n<p class=\"western\" align=\"justify\"><span style=\"font-size: medium;\"><b>14h10\u00a0:<\/b><\/span> <span style=\"color: #000000;\"><span style=\"font-size: medium;\">\u00ab\u00a0<\/span><\/span><span style=\"color: #000000;\"><span style=\"font-size: medium;\">Cr\u00e9er des m\u00e8mes soi-m\u00eame. Piratages, bricolages et r\u00e9cup\u00e9rations<\/span><\/span><span style=\"color: #000000;\"><span style=\"font-size: medium;\">\u00a0\u00bb, <\/span><\/span><span style=\"color: #000000;\"><span style=\"font-family: Liberation Serif, serif;\"><span style=\"font-size: medium;\">Justine Simon<\/span><\/span><\/span><span style=\"color: #000000;\"><span style=\"font-size: medium;\"> (<\/span><\/span><span style=\"color: #000000;\"><span style=\"font-family: Liberation Serif, serif;\"><span style=\"font-size: medium;\">MCF<\/span><\/span><\/span><span style=\"color: #000000;\"><span style=\"font-size: medium;\">, Universit\u00e9 <\/span><\/span><span style=\"color: #000000;\"><span style=\"font-family: Liberation Serif, serif;\"><span style=\"font-size: medium;\">de Franche-Comt\u00e9<\/span><\/span><\/span><span style=\"color: #000000;\"><span style=\"font-size: medium;\">). <\/span><\/span><\/p>\n<p class=\"western\" align=\"justify\"><span style=\"font-size: medium;\"><span style=\"color: #000000;\"><span style=\"font-family: Times New Roman, serif;\"><b>14h30\u00a0:<\/b><\/span><\/span><span style=\"color: #000000;\"><span style=\"font-family: Times New Roman, serif;\"> discussion<\/span><\/span><\/span><\/p>\n<p class=\"western\" align=\"justify\"><span style=\"color: #000000;\"><span style=\"font-family: Times New Roman, serif;\"><span style=\"font-size: medium;\"><i>15h : pause<\/i><\/span><\/span><\/span><\/p>\n<p class=\"western\" align=\"center\"><span style=\"font-family: arial, helvetica, sans-serif;\"><span style=\"color: #d62e4e;\"><span style=\"font-size: large;\"><b>Session <\/b><\/span><\/span><span style=\"color: #d62e4e;\"><span style=\"font-size: large;\"><b>3<\/b><\/span><\/span><span style=\"color: #d62e4e;\"><span style=\"font-size: large;\"><b> \u2013 <\/b><\/span><\/span><span style=\"color: #d62e4e;\"><span style=\"font-size: large;\"><b>Les r<\/b><\/span><\/span><span style=\"color: #d62e4e;\"><span style=\"font-size: large;\"><b>\u00e9appropriations de l\u2019imaginaire politique du DIY<\/b><\/span><\/span><\/span><\/p>\n<p class=\"western\" align=\"justify\"><span style=\"color: #000000;\"><span style=\"font-size: medium;\"><b>15h30\u00a0: <\/b><\/span><span style=\"font-family: Times New Roman, serif;\"><span style=\"font-size: medium;\">\u00ab\u00a0Festivit\u00e9s champ\u00eatres et initiatives n\u00e9orurales\u00a0: quand les campagnes fran\u00e7aises renouvellent la contre culture\u00a0\u00bb, <\/span><\/span><span style=\"font-family: Liberation Serif, serif;\"><span style=\"font-size: medium;\">Ke<\/span><\/span><span style=\"font-family: Liberation Serif, serif;\"><span style=\"font-size: medium;\">y<\/span><\/span><span style=\"font-family: Liberation Serif, serif;\"><span style=\"font-size: medium;\">vane Alinaghi<\/span><\/span><span style=\"font-family: Times New Roman, serif;\"><span style=\"font-size: medium;\"> (<\/span><\/span><span style=\"font-family: Times New Roman, serif;\"><span style=\"font-size: medium;\">Artiste, <\/span><\/span><span style=\"font-family: Times New Roman, serif;\"><span style=\"font-size: medium;\">\u00c9cole Sup\u00e9rieure d\u2019Art et Communication de Cambrai<\/span><\/span><span style=\"font-family: Times New Roman, serif;\"><span style=\"font-size: medium;\">).<\/span><\/span><\/span><\/p>\n<p class=\"western\" align=\"justify\"><span style=\"font-size: medium;\"><b>15h50\u00a0: <\/b><\/span><span style=\"font-size: medium;\">\u00ab\u00a0Le faire soi-m\u00eame sans l\u2019esprit DIY\u00a0? L\u2019exemple des classes sup\u00e9rieures<\/span><span style=\"font-size: medium;\"><i>\u00a0<\/i><\/span><span style=\"font-size: medium;\">\u00bb, <\/span><span style=\"font-family: Liberation Serif, serif;\"><span style=\"font-size: medium;\">Vic Sessego<\/span><\/span><span style=\"font-size: medium;\"> (Doctorant.e, <\/span><span style=\"font-family: Liberation Serif, serif;\"><span style=\"font-size: medium;\">ENS Paris-Saclay<\/span><\/span><span style=\"font-size: medium;\">).<\/span><\/p>\n<p class=\"western\" align=\"justify\"><span style=\"font-size: medium;\"><span style=\"color: #000000;\"><span style=\"font-family: Times New Roman, serif;\"><b>16h10\u00a0:<\/b><\/span><\/span><span style=\"color: #000000;\"><span style=\"font-family: Times New Roman, serif;\"> discussion<\/span><\/span><\/span><\/p>\n<p class=\"western\"><span style=\"font-size: medium;\"><b>16h30\u00a0: conclusion de la journ\u00e9e<\/b><\/span><\/p>\n<p style=\"text-align: center;\"><span style=\"font-family: book antiqua, palatino, serif; font-size: 36pt; color: #ff6600;\">Les souvenirs de la journ\u00e9e<\/span><\/p>\n<p><img loading=\"lazy\" decoding=\"async\" class=\"size-large wp-image-1638 aligncenter\" src=\"https:\/\/aion-project.org\/blog\/wp-content\/uploads\/2023\/07\/IMG_0939-1024x768.jpeg\" alt=\"\" width=\"525\" height=\"394\" srcset=\"https:\/\/aion-project.org\/blog\/wp-content\/uploads\/2023\/07\/IMG_0939-1024x768.jpeg 1024w, https:\/\/aion-project.org\/blog\/wp-content\/uploads\/2023\/07\/IMG_0939-300x225.jpeg 300w, https:\/\/aion-project.org\/blog\/wp-content\/uploads\/2023\/07\/IMG_0939-768x576.jpeg 768w, https:\/\/aion-project.org\/blog\/wp-content\/uploads\/2023\/07\/IMG_0939-1536x1152.jpeg 1536w, https:\/\/aion-project.org\/blog\/wp-content\/uploads\/2023\/07\/IMG_0939-2048x1536.jpeg 2048w\" sizes=\"auto, (max-width: 525px) 100vw, 525px\" \/> <img loading=\"lazy\" decoding=\"async\" class=\"size-large wp-image-1639 aligncenter\" src=\"https:\/\/aion-project.org\/blog\/wp-content\/uploads\/2023\/07\/IMG_0935-1024x768.jpeg\" alt=\"\" width=\"525\" height=\"394\" srcset=\"https:\/\/aion-project.org\/blog\/wp-content\/uploads\/2023\/07\/IMG_0935-1024x768.jpeg 1024w, https:\/\/aion-project.org\/blog\/wp-content\/uploads\/2023\/07\/IMG_0935-300x225.jpeg 300w, https:\/\/aion-project.org\/blog\/wp-content\/uploads\/2023\/07\/IMG_0935-768x576.jpeg 768w, https:\/\/aion-project.org\/blog\/wp-content\/uploads\/2023\/07\/IMG_0935-1536x1152.jpeg 1536w, https:\/\/aion-project.org\/blog\/wp-content\/uploads\/2023\/07\/IMG_0935-2048x1536.jpeg 2048w\" sizes=\"auto, (max-width: 525px) 100vw, 525px\" \/> <img loading=\"lazy\" decoding=\"async\" class=\"size-large wp-image-1640 aligncenter\" src=\"https:\/\/aion-project.org\/blog\/wp-content\/uploads\/2023\/07\/IMG_0937-1024x768.jpeg\" alt=\"\" width=\"525\" height=\"394\" srcset=\"https:\/\/aion-project.org\/blog\/wp-content\/uploads\/2023\/07\/IMG_0937-1024x768.jpeg 1024w, https:\/\/aion-project.org\/blog\/wp-content\/uploads\/2023\/07\/IMG_0937-300x225.jpeg 300w, https:\/\/aion-project.org\/blog\/wp-content\/uploads\/2023\/07\/IMG_0937-768x576.jpeg 768w, https:\/\/aion-project.org\/blog\/wp-content\/uploads\/2023\/07\/IMG_0937-1536x1152.jpeg 1536w, https:\/\/aion-project.org\/blog\/wp-content\/uploads\/2023\/07\/IMG_0937-2048x1536.jpeg 2048w\" sizes=\"auto, (max-width: 525px) 100vw, 525px\" \/> <img loading=\"lazy\" decoding=\"async\" class=\"size-large wp-image-1641 aligncenter\" src=\"https:\/\/aion-project.org\/blog\/wp-content\/uploads\/2023\/07\/IMG_0940-1024x768.jpeg\" alt=\"\" width=\"525\" height=\"394\" srcset=\"https:\/\/aion-project.org\/blog\/wp-content\/uploads\/2023\/07\/IMG_0940-1024x768.jpeg 1024w, https:\/\/aion-project.org\/blog\/wp-content\/uploads\/2023\/07\/IMG_0940-300x225.jpeg 300w, https:\/\/aion-project.org\/blog\/wp-content\/uploads\/2023\/07\/IMG_0940-768x576.jpeg 768w, https:\/\/aion-project.org\/blog\/wp-content\/uploads\/2023\/07\/IMG_0940-1536x1152.jpeg 1536w, https:\/\/aion-project.org\/blog\/wp-content\/uploads\/2023\/07\/IMG_0940-2048x1536.jpeg 2048w\" sizes=\"auto, (max-width: 525px) 100vw, 525px\" \/> <img loading=\"lazy\" decoding=\"async\" class=\"size-large wp-image-1642 aligncenter\" src=\"https:\/\/aion-project.org\/blog\/wp-content\/uploads\/2023\/07\/IMG_0930-1024x768.jpg\" alt=\"\" width=\"525\" height=\"394\" srcset=\"https:\/\/aion-project.org\/blog\/wp-content\/uploads\/2023\/07\/IMG_0930-1024x768.jpg 1024w, https:\/\/aion-project.org\/blog\/wp-content\/uploads\/2023\/07\/IMG_0930-300x225.jpg 300w, https:\/\/aion-project.org\/blog\/wp-content\/uploads\/2023\/07\/IMG_0930-768x576.jpg 768w, https:\/\/aion-project.org\/blog\/wp-content\/uploads\/2023\/07\/IMG_0930-1536x1152.jpg 1536w, https:\/\/aion-project.org\/blog\/wp-content\/uploads\/2023\/07\/IMG_0930-2048x1536.jpg 2048w\" sizes=\"auto, (max-width: 525px) 100vw, 525px\" \/> <img loading=\"lazy\" decoding=\"async\" class=\"size-large wp-image-1643 aligncenter\" src=\"https:\/\/aion-project.org\/blog\/wp-content\/uploads\/2023\/07\/IMG_0932-1024x768.jpeg\" alt=\"\" width=\"525\" height=\"394\" srcset=\"https:\/\/aion-project.org\/blog\/wp-content\/uploads\/2023\/07\/IMG_0932-1024x768.jpeg 1024w, https:\/\/aion-project.org\/blog\/wp-content\/uploads\/2023\/07\/IMG_0932-300x225.jpeg 300w, https:\/\/aion-project.org\/blog\/wp-content\/uploads\/2023\/07\/IMG_0932-768x576.jpeg 768w, https:\/\/aion-project.org\/blog\/wp-content\/uploads\/2023\/07\/IMG_0932-1536x1152.jpeg 1536w, https:\/\/aion-project.org\/blog\/wp-content\/uploads\/2023\/07\/IMG_0932-2048x1536.jpeg 2048w\" sizes=\"auto, (max-width: 525px) 100vw, 525px\" \/><\/p>\n<p style=\"text-align: center;\"><span style=\"font-family: book antiqua, palatino, serif; font-size: 18pt;\"><span style=\"color: #000000;\">L&rsquo;appel \u00e0 communications est disponible <a style=\"color: #000000;\" href=\"https:\/\/aion-project.org\/blog\/wp-content\/uploads\/2023\/02\/Aa\u0300C-JE-DIY-VF.pdf\" target=\"_blank\" rel=\"noopener\">ici<\/a>.<\/span> <\/span><\/p>\n<p><span style=\"font-family: book antiqua, palatino, serif; font-size: 18pt;\">\u00a0<\/span><\/p>\n","protected":false},"excerpt":{"rendered":"<p>L&rsquo;\u00e9quipe Ai\u00f4n, en partenariat avec le laboratoire IDEA de Nancy, a organis\u00e9 une journ\u00e9e d&rsquo;\u00e9tude portant sur le DIY et ses imaginaires, le 4 juillet 2023. Outre les interventions, un ensemble de collages sonores a \u00e9galement \u00e9t\u00e9 propos\u00e9 par IBO (voir ci-dessous), illustrant le DIY en acte. Les collages sonores \u00ab\u00a0Reclassement des sons de ces [&hellip;]<\/p>\n","protected":false},"author":1,"featured_media":0,"parent":22,"menu_order":0,"comment_status":"closed","ping_status":"closed","template":"","meta":{"footnotes":""},"class_list":["post-1530","page","type-page","status-publish","hentry"],"_links":{"self":[{"href":"https:\/\/aion-project.org\/blog\/index.php?rest_route=\/wp\/v2\/pages\/1530","targetHints":{"allow":["GET"]}}],"collection":[{"href":"https:\/\/aion-project.org\/blog\/index.php?rest_route=\/wp\/v2\/pages"}],"about":[{"href":"https:\/\/aion-project.org\/blog\/index.php?rest_route=\/wp\/v2\/types\/page"}],"author":[{"embeddable":true,"href":"https:\/\/aion-project.org\/blog\/index.php?rest_route=\/wp\/v2\/users\/1"}],"replies":[{"embeddable":true,"href":"https:\/\/aion-project.org\/blog\/index.php?rest_route=%2Fwp%2Fv2%2Fcomments&post=1530"}],"version-history":[{"count":11,"href":"https:\/\/aion-project.org\/blog\/index.php?rest_route=\/wp\/v2\/pages\/1530\/revisions"}],"predecessor-version":[{"id":1649,"href":"https:\/\/aion-project.org\/blog\/index.php?rest_route=\/wp\/v2\/pages\/1530\/revisions\/1649"}],"up":[{"embeddable":true,"href":"https:\/\/aion-project.org\/blog\/index.php?rest_route=\/wp\/v2\/pages\/22"}],"wp:attachment":[{"href":"https:\/\/aion-project.org\/blog\/index.php?rest_route=%2Fwp%2Fv2%2Fmedia&parent=1530"}],"curies":[{"name":"wp","href":"https:\/\/api.w.org\/{rel}","templated":true}]}}