{"id":1033,"date":"2021-09-30T16:32:08","date_gmt":"2021-09-30T16:32:08","guid":{"rendered":"https:\/\/aion-project.org\/blog\/?page_id=1033"},"modified":"2023-02-26T10:54:33","modified_gmt":"2023-02-26T10:54:33","slug":"les-mythes-au-xxie-siecle","status":"publish","type":"page","link":"https:\/\/aion-project.org\/blog\/?page_id=1033","title":{"rendered":"Les mythes au XXIe si\u00e8cle 12-13\/05\/22"},"content":{"rendered":"<p style=\"text-align: justify;\"><span style=\"font-family: book antiqua, palatino, serif; font-size: 18pt;\">Cette journ\u00e9e d&rsquo;\u00e9tude s&rsquo;est d\u00e9roul\u00e9e \u00e0 Besan\u00e7on en mai 2022 (UFR STAPS). Elle \u00e9tait pilot\u00e9e conjointement par Laurent Di Filippo (CREM, Universit\u00e9 de Lorraine) et Audrey Tuaillon Dem\u00e9sy (C3S, Universit\u00e9 de Franche-Comt\u00e9).<\/span><\/p>\n<p style=\"text-align: center;\"><strong><em><span style=\"font-family: book antiqua, palatino, serif;\"><img loading=\"lazy\" decoding=\"async\" class=\"size-large wp-image-1393 aligncenter\" src=\"https:\/\/aion-project.org\/blog\/wp-content\/uploads\/2022\/04\/Affiche-724x1024.jpg\" alt=\"\" width=\"525\" height=\"743\" srcset=\"https:\/\/aion-project.org\/blog\/wp-content\/uploads\/2022\/04\/Affiche-724x1024.jpg 724w, https:\/\/aion-project.org\/blog\/wp-content\/uploads\/2022\/04\/Affiche-212x300.jpg 212w, https:\/\/aion-project.org\/blog\/wp-content\/uploads\/2022\/04\/Affiche-768x1086.jpg 768w, https:\/\/aion-project.org\/blog\/wp-content\/uploads\/2022\/04\/Affiche-1086x1536.jpg 1086w, https:\/\/aion-project.org\/blog\/wp-content\/uploads\/2022\/04\/Affiche-1448x2048.jpg 1448w, https:\/\/aion-project.org\/blog\/wp-content\/uploads\/2022\/04\/Affiche-scaled.jpg 1810w\" sizes=\"auto, (max-width: 525px) 100vw, 525px\" \/><\/span><\/em><\/strong><\/p>\n<h1 style=\"text-align: center;\"><span style=\"color: #339966;\"><a style=\"color: #339966;\" href=\"https:\/\/aion-project.org\/blog\/wp-content\/uploads\/2021\/09\/AAC-mythes-XXI-siecle.pdf\"><span style=\"font-family: book antiqua, palatino, serif; font-size: 24pt;\"><span style=\"color: #0000ff;\">Appel \u00e0 communications<\/span><\/span><\/a><\/span><\/h1>\n<p style=\"text-align: center;\"><span style=\"font-family: book antiqua, palatino, serif; font-size: 24pt; color: #0000ff;\"><a style=\"color: #0000ff;\" href=\"https:\/\/aion-project.org\/blog\/wp-content\/uploads\/2022\/04\/programme-mythes_aion-2.pdf\" target=\"_blank\" rel=\"noopener\">Programme\u00a0 du colloque<\/a><\/span><\/p>\n<p>&nbsp;<\/p>\n<p style=\"text-align: center;\"><span style=\"font-family: book antiqua, palatino, serif; font-size: 24pt;\">Souvenir en image !<\/span><\/p>\n<p><img loading=\"lazy\" decoding=\"async\" class=\"size-full wp-image-1562 aligncenter\" src=\"https:\/\/aion-project.org\/blog\/wp-content\/uploads\/2023\/02\/mythe21esiecle.jpg\" alt=\"\" width=\"820\" height=\"615\" srcset=\"https:\/\/aion-project.org\/blog\/wp-content\/uploads\/2023\/02\/mythe21esiecle.jpg 820w, https:\/\/aion-project.org\/blog\/wp-content\/uploads\/2023\/02\/mythe21esiecle-300x225.jpg 300w, https:\/\/aion-project.org\/blog\/wp-content\/uploads\/2023\/02\/mythe21esiecle-768x576.jpg 768w\" sizes=\"auto, (max-width: 820px) 100vw, 820px\" \/><\/p>\n<p>&nbsp;<\/p>\n<h1><\/h1>\n<p>&nbsp;<\/p>\n","protected":false},"excerpt":{"rendered":"<p>Cette journ\u00e9e d&rsquo;\u00e9tude s&rsquo;est d\u00e9roul\u00e9e \u00e0 Besan\u00e7on en mai 2022 (UFR STAPS). Elle \u00e9tait pilot\u00e9e conjointement par Laurent Di Filippo (CREM, Universit\u00e9 de Lorraine) et Audrey Tuaillon Dem\u00e9sy (C3S, Universit\u00e9 de Franche-Comt\u00e9). Appel \u00e0 communications Programme\u00a0 du colloque &nbsp; Souvenir en image ! &nbsp; &nbsp;<\/p>\n","protected":false},"author":1,"featured_media":0,"parent":22,"menu_order":0,"comment_status":"closed","ping_status":"closed","template":"","meta":{"footnotes":""},"class_list":["post-1033","page","type-page","status-publish","hentry"],"_links":{"self":[{"href":"https:\/\/aion-project.org\/blog\/index.php?rest_route=\/wp\/v2\/pages\/1033","targetHints":{"allow":["GET"]}}],"collection":[{"href":"https:\/\/aion-project.org\/blog\/index.php?rest_route=\/wp\/v2\/pages"}],"about":[{"href":"https:\/\/aion-project.org\/blog\/index.php?rest_route=\/wp\/v2\/types\/page"}],"author":[{"embeddable":true,"href":"https:\/\/aion-project.org\/blog\/index.php?rest_route=\/wp\/v2\/users\/1"}],"replies":[{"embeddable":true,"href":"https:\/\/aion-project.org\/blog\/index.php?rest_route=%2Fwp%2Fv2%2Fcomments&post=1033"}],"version-history":[{"count":13,"href":"https:\/\/aion-project.org\/blog\/index.php?rest_route=\/wp\/v2\/pages\/1033\/revisions"}],"predecessor-version":[{"id":1563,"href":"https:\/\/aion-project.org\/blog\/index.php?rest_route=\/wp\/v2\/pages\/1033\/revisions\/1563"}],"up":[{"embeddable":true,"href":"https:\/\/aion-project.org\/blog\/index.php?rest_route=\/wp\/v2\/pages\/22"}],"wp:attachment":[{"href":"https:\/\/aion-project.org\/blog\/index.php?rest_route=%2Fwp%2Fv2%2Fmedia&parent=1033"}],"curies":[{"name":"wp","href":"https:\/\/api.w.org\/{rel}","templated":true}]}}